{"id":3150,"date":"2023-01-24T09:26:02","date_gmt":"2023-01-24T08:26:02","guid":{"rendered":"http:\/\/musola.dev.trestristestigres.com\/politica-privacidad\/"},"modified":"2023-03-29T10:52:57","modified_gmt":"2023-03-29T08:52:57","slug":"politica-privacidad","status":"publish","type":"page","link":"https:\/\/www.musola.es\/fr\/politique-confidentialite\/","title":{"rendered":"Politique de confidentialit\u00e9"},"content":{"rendered":"\t\t<div data-elementor-type=\"wp-page\" data-elementor-id=\"3150\" class=\"elementor elementor-3150 elementor-3\" data-elementor-post-type=\"page\">\n\t\t\t\t\t\t<section class=\"elementor-section elementor-top-section elementor-element elementor-element-e077186 elementor-section-full_width elementor-section-height-default elementor-section-height-default\" data-id=\"e077186\" data-element_type=\"section\" data-e-type=\"section\" data-settings=\"{&quot;background_background&quot;:&quot;classic&quot;}\">\n\t\t\t\t\t\t<div class=\"elementor-container elementor-column-gap-no\">\n\t\t\t\t\t<div class=\"elementor-column elementor-col-100 elementor-top-column elementor-element elementor-element-d19894e container\" data-id=\"d19894e\" data-element_type=\"column\" data-e-type=\"column\">\n\t\t\t<div class=\"elementor-widget-wrap elementor-element-populated\">\n\t\t\t\t\t\t<section class=\"elementor-section elementor-inner-section elementor-element elementor-element-6c71e2b container elementor-section-boxed elementor-section-height-default elementor-section-height-default\" data-id=\"6c71e2b\" data-element_type=\"section\" data-e-type=\"section\">\n\t\t\t\t\t\t<div class=\"elementor-container elementor-column-gap-no\">\n\t\t\t\t\t<div class=\"elementor-column elementor-col-100 elementor-inner-column elementor-element elementor-element-5af121c\" data-id=\"5af121c\" data-element_type=\"column\" data-e-type=\"column\">\n\t\t\t<div class=\"elementor-widget-wrap elementor-element-populated\">\n\t\t\t\t\t\t<div class=\"elementor-element elementor-element-87d1cb6 text-gotham elementor-widget elementor-widget-heading\" data-id=\"87d1cb6\" data-element_type=\"widget\" data-e-type=\"widget\" data-widget_type=\"heading.default\">\n\t\t\t\t<div class=\"elementor-widget-container\">\n\t\t\t\t\t<h1 class=\"elementor-heading-title elementor-size-default\">Politique de confidentialit\u00e9<\/h1>\t\t\t\t<\/div>\n\t\t\t\t<\/div>\n\t\t\t\t<div class=\"elementor-element elementor-element-dd0ea00 elementor-widget-divider--view-line elementor-widget elementor-widget-divider\" data-id=\"dd0ea00\" data-element_type=\"widget\" data-e-type=\"widget\" data-widget_type=\"divider.default\">\n\t\t\t\t<div class=\"elementor-widget-container\">\n\t\t\t\t\t\t\t<div class=\"elementor-divider\">\n\t\t\t<span class=\"elementor-divider-separator\">\n\t\t\t\t\t\t<\/span>\n\t\t<\/div>\n\t\t\t\t\t\t<\/div>\n\t\t\t\t<\/div>\n\t\t\t\t<div class=\"elementor-element elementor-element-aa0debe elementor-widget elementor-widget-text-editor\" data-id=\"aa0debe\" data-element_type=\"widget\" data-e-type=\"widget\" data-widget_type=\"text-editor.default\">\n\t\t\t\t<div class=\"elementor-widget-container\">\n\t\t\t\t\t\t\t\t\t<p>MOBILIARIO AUXILIARIO DE DISE\u00d1O, S.L informe ci-dessous de sa politique de confidentialit\u00e9 appliqu\u00e9e aux donn\u00e9es personnelles. L&rsquo;utilisation de la page Web n&rsquo;implique pas que l&rsquo;utilisateur doive fournir des informations sur son identit\u00e9, et elle ne peut pas \u00eatre associ\u00e9e \u00e0 un utilisateur sp\u00e9cifique par l&rsquo;entreprise. Dans le cas o\u00f9 des donn\u00e9es personnelles sont fournies, ces donn\u00e9es seront collect\u00e9es et utilis\u00e9es conform\u00e9ment aux limitations et droits contenus dans la norme susmentionn\u00e9e.<\/p>\t\t\t\t\t\t\t\t<\/div>\n\t\t\t\t<\/div>\n\t\t\t\t<div class=\"elementor-element elementor-element-5750564 elementor-widget elementor-widget-heading\" data-id=\"5750564\" data-element_type=\"widget\" data-e-type=\"widget\" data-widget_type=\"heading.default\">\n\t\t\t\t<div class=\"elementor-widget-container\">\n\t\t\t\t\t<h2 class=\"elementor-heading-title elementor-size-default\">QUI EST RESPONSABLE DU TRAITEMENT DE VOS DONN\u00c9ES ?<\/h2>\t\t\t\t<\/div>\n\t\t\t\t<\/div>\n\t\t\t\t<div class=\"elementor-element elementor-element-ba72c48 elementor-widget elementor-widget-text-editor\" data-id=\"ba72c48\" data-element_type=\"widget\" data-e-type=\"widget\" data-widget_type=\"text-editor.default\">\n\t\t\t\t<div class=\"elementor-widget-container\">\n\t\t\t\t\t\t\t\t\t<p>&#8211; <strong>LE RESPONSABLE DU TRAITEMENT de vos donn\u00e9es est :<\/strong> MOBILIARIO AUXILIARIO DE DISE\u00d1O, S.L<\/p><p>&#8211; <strong>CIF :<\/strong> B03502911<\/p><p>&#8211; <strong>Adresse postale :<\/strong> CTRA. N-340, km. 704.4, 03330, Crevillent, ALICANTE<\/p><p>&#8211; <strong>Courriel :<\/strong> protecciondedatos@mobliberica.com<\/p>\t\t\t\t\t\t\t\t<\/div>\n\t\t\t\t<\/div>\n\t\t\t\t<div class=\"elementor-element elementor-element-7093413 elementor-widget elementor-widget-heading\" data-id=\"7093413\" data-element_type=\"widget\" data-e-type=\"widget\" data-widget_type=\"heading.default\">\n\t\t\t\t<div class=\"elementor-widget-container\">\n\t\t\t\t\t<h2 class=\"elementor-heading-title elementor-size-default\">QUEL TYPE DE DONN\u00c9ES TRAITONS-NOUS\u00a0?<\/h2>\t\t\t\t<\/div>\n\t\t\t\t<\/div>\n\t\t\t\t<div class=\"elementor-element elementor-element-e7929c5 elementor-widget elementor-widget-text-editor\" data-id=\"e7929c5\" data-element_type=\"widget\" data-e-type=\"widget\" data-widget_type=\"text-editor.default\">\n\t\t\t\t<div class=\"elementor-widget-container\">\n\t\t\t\t\t\t\t\t\t<p>Selon les produits, services ou fonctionnalit\u00e9s dont vous souhaitez profiter \u00e0 tout moment, nous serons amen\u00e9s \u00e0 traiter certaines donn\u00e9es ou d&rsquo;autres. De mani\u00e8re g\u00e9n\u00e9rale, lesdites donn\u00e9es seront, selon les cas, les suivantes :<\/p><p>&#8211; Vos donn\u00e9es d&rsquo;identification (Par exemple : Votre nom, pr\u00e9nom, langue, pays depuis lequel vous interagissez avec nous, coordonn\u00e9es, etc.)<\/p><p>&#8211; Donn\u00e9es de connexion, de g\u00e9olocalisation et de navigation (dans le cas o\u00f9 vous interagissez avec nous depuis votre mobile par exemple).<\/p><p>&#8211; Donn\u00e9es sur vos go\u00fbts et pr\u00e9f\u00e9rences.<\/p><p>N&rsquo;oubliez pas que lorsque nous vous demandons de remplir vos donn\u00e9es personnelles pour vous donner acc\u00e8s \u00e0 une fonctionnalit\u00e9 ou \u00e0 un service sur le Web, nous marquerons certains champs comme obligatoires, car ce sont des donn\u00e9es dont nous avons besoin pour pouvoir vous fournir le service ou vous donner acc\u00e8s \u00e0 la fonctionnalit\u00e9 en question.<\/p><p>Veuillez noter que si vous d\u00e9cidez de ne pas nous fournir ces donn\u00e9es, vous ne pourrez peut-\u00eatre pas terminer votre inscription en tant qu&rsquo;utilisateur ou vous ne pourrez peut-\u00eatre pas profiter de ces services ou fonctionnalit\u00e9s.<\/p>\t\t\t\t\t\t\t\t<\/div>\n\t\t\t\t<\/div>\n\t\t\t\t<div class=\"elementor-element elementor-element-cf08aab elementor-widget elementor-widget-heading\" data-id=\"cf08aab\" data-element_type=\"widget\" data-e-type=\"widget\" data-widget_type=\"heading.default\">\n\t\t\t\t<div class=\"elementor-widget-container\">\n\t\t\t\t\t<h2 class=\"elementor-heading-title elementor-size-default\">POUR QUELLES FINS TRAITONS-NOUS VOS DONN\u00c9ES PERSONNELLES ?<\/h2>\t\t\t\t<\/div>\n\t\t\t\t<\/div>\n\t\t\t\t<div class=\"elementor-element elementor-element-38af522 elementor-widget elementor-widget-text-editor\" data-id=\"38af522\" data-element_type=\"widget\" data-e-type=\"widget\" data-widget_type=\"text-editor.default\">\n\t\t\t\t<div class=\"elementor-widget-container\">\n\t\t\t\t\t\t\t\t\t<p>En fonction de la mani\u00e8re dont vous interagissez avec notre site Web, nous traiterons vos donn\u00e9es personnelles aux fins suivantes :<\/p><p>&#8211; Pour r\u00e9pondre aux demandes ou demandes que vous formulez par les diff\u00e9rents moyens int\u00e9gr\u00e9s \u00e0 notre site Web.<\/p><p>&#8211; Nous ne traitons que les donn\u00e9es personnelles strictement n\u00e9cessaires \u00e0 la gestion ou \u00e0 la r\u00e9solution de votre demande ou demande.<\/p><p>&#8211; Analyse de l&rsquo;utilisabilit\u00e9 et de la qualit\u00e9 pour am\u00e9liorer nos services (Cookies)<\/p><p>Si vous acc\u00e9dez \u00e0 notre Plateforme, nous vous informons que nous traiterons vos donn\u00e9es de navigation \u00e0 des fins analytiques et statistiques, c&rsquo;est-\u00e0-dire pour comprendre la mani\u00e8re dont les utilisateurs interagissent avec notre Plateforme et ainsi pouvoir y apporter des am\u00e9liorations. De m\u00eame, \u00e0 l&rsquo;occasion, nous r\u00e9alisons des actions et des enqu\u00eates de qualit\u00e9 visant \u00e0 conna\u00eetre le degr\u00e9 de satisfaction de nos clients et utilisateurs et \u00e0 d\u00e9tecter les domaines dans lesquels nous pouvons nous am\u00e9liorer.<\/p>\t\t\t\t\t\t\t\t<\/div>\n\t\t\t\t<\/div>\n\t\t\t\t<div class=\"elementor-element elementor-element-af4fb6b elementor-widget elementor-widget-heading\" data-id=\"af4fb6b\" data-element_type=\"widget\" data-e-type=\"widget\" data-widget_type=\"heading.default\">\n\t\t\t\t<div class=\"elementor-widget-container\">\n\t\t\t\t\t<h2 class=\"elementor-heading-title elementor-size-default\">QUELLE EST LA L\u00c9GITIMATION DU TRAITEMENT DE VOS DONN\u00c9ES ?<\/h2>\t\t\t\t<\/div>\n\t\t\t\t<\/div>\n\t\t\t\t<div class=\"elementor-element elementor-element-ba3d4e5 elementor-widget elementor-widget-text-editor\" data-id=\"ba3d4e5\" data-element_type=\"widget\" data-e-type=\"widget\" data-widget_type=\"text-editor.default\">\n\t\t\t\t<div class=\"elementor-widget-container\">\n\t\t\t\t\t\t\t\t\t<p>La base juridique qui nous permet de traiter vos donn\u00e9es personnelles d\u00e9pend \u00e9galement de la finalit\u00e9 pour laquelle nous les traitons, nous trouverons ainsi diff\u00e9rentes bases juridiques en vertu des finalit\u00e9s suivantes :<\/p><p>&#8211; Attention aux demandes d&rsquo;informations.<\/p><p>La base l\u00e9gale pour le traitement de vos donn\u00e9es est le consentement \u00e9clair\u00e9 pour r\u00e9pondre aux questions soulev\u00e9es via le site Web, ce qui implique l&rsquo;acceptation de ces conditions par l&rsquo;int\u00e9ress\u00e9.<\/p><p>&#8211; Analyse de l&rsquo;utilisabilit\u00e9 et de la qualit\u00e9 (Cookies)<\/p><p>&#8211; Consentement de l&rsquo;utilisateur pour l&rsquo;implantation de cookies.<\/p>\t\t\t\t\t\t\t\t<\/div>\n\t\t\t\t<\/div>\n\t\t\t\t<div class=\"elementor-element elementor-element-0b5cd03 elementor-widget elementor-widget-heading\" data-id=\"0b5cd03\" data-element_type=\"widget\" data-e-type=\"widget\" data-widget_type=\"heading.default\">\n\t\t\t\t<div class=\"elementor-widget-container\">\n\t\t\t\t\t<h2 class=\"elementor-heading-title elementor-size-default\">PENDANT COMBIEN DE TEMPS CONSERVONS-NOUS VOS DONN\u00c9ES\u00a0?<\/h2>\t\t\t\t<\/div>\n\t\t\t\t<\/div>\n\t\t\t\t<div class=\"elementor-element elementor-element-ca14aaf elementor-widget elementor-widget-text-editor\" data-id=\"ca14aaf\" data-element_type=\"widget\" data-e-type=\"widget\" data-widget_type=\"text-editor.default\">\n\t\t\t\t<div class=\"elementor-widget-container\">\n\t\t\t\t\t\t\t\t\t<p>Nous traiterons vos donn\u00e9es aussi longtemps que n\u00e9cessaire pour r\u00e9pondre \u00e0 votre demande ou requ\u00eate et ensuite 1 an.<\/p>\t\t\t\t\t\t\t\t<\/div>\n\t\t\t\t<\/div>\n\t\t\t\t<div class=\"elementor-element elementor-element-f696966 elementor-widget elementor-widget-heading\" data-id=\"f696966\" data-element_type=\"widget\" data-e-type=\"widget\" data-widget_type=\"heading.default\">\n\t\t\t\t<div class=\"elementor-widget-container\">\n\t\t\t\t\t<h2 class=\"elementor-heading-title elementor-size-default\">ALLONS-NOUS PARTAGER VOS DONN\u00c9ES AVEC DES TIERS\u00a0?<\/h2>\t\t\t\t<\/div>\n\t\t\t\t<\/div>\n\t\t\t\t<div class=\"elementor-element elementor-element-9cb7e94 elementor-widget elementor-widget-text-editor\" data-id=\"9cb7e94\" data-element_type=\"widget\" data-e-type=\"widget\" data-widget_type=\"text-editor.default\">\n\t\t\t\t<div class=\"elementor-widget-container\">\n\t\t\t\t\t\t\t\t\t<p>Pour remplir les finalit\u00e9s indiqu\u00e9es dans la pr\u00e9sente politique de confidentialit\u00e9, il est n\u00e9cessaire que nous donnions acc\u00e8s \u00e0 vos donn\u00e9es personnelles \u00e0 des tiers qui nous soutiennent dans les services que nous proposons et que nous d\u00e9taillons ci-dessous :<\/p><p>R\u00e9aliser la fourniture du service correspondant et mettre en relation les demandeurs avec les prestataires.<\/p><p>Fournisseurs de services technologiques<\/p>\t\t\t\t\t\t\t\t<\/div>\n\t\t\t\t<\/div>\n\t\t\t\t<div class=\"elementor-element elementor-element-32c276b elementor-widget elementor-widget-heading\" data-id=\"32c276b\" data-element_type=\"widget\" data-e-type=\"widget\" data-widget_type=\"heading.default\">\n\t\t\t\t<div class=\"elementor-widget-container\">\n\t\t\t\t\t<h2 class=\"elementor-heading-title elementor-size-default\">QUELS SONT VOS DROITS LORSQUE VOUS NOUS FOURNISSEZ VOS DONN\u00c9ES ?<\/h2>\t\t\t\t<\/div>\n\t\t\t\t<\/div>\n\t\t\t\t<div class=\"elementor-element elementor-element-dfbf40e elementor-widget elementor-widget-text-editor\" data-id=\"dfbf40e\" data-element_type=\"widget\" data-e-type=\"widget\" data-widget_type=\"text-editor.default\">\n\t\t\t\t<div class=\"elementor-widget-container\">\n\t\t\t\t\t\t\t\t\t<p>Nous nous engageons \u00e0 respecter la confidentialit\u00e9 de vos donn\u00e9es personnelles et \u00e0 garantir l&rsquo;exercice de vos droits.<\/p><p>Vous pouvez les exercer sans frais en nous adressant un email \u00e0 notre adresse, en indiquant simplement le motif de votre demande et le droit que vous souhaitez exercer.<\/p><p>Dans le cas o\u00f9 nous estimons n\u00e9cessaire de pouvoir vous identifier, nous pouvons demander une copie d&rsquo;un document prouvant votre identit\u00e9. En particulier, quelle que soit la finalit\u00e9 ou la base juridique pour laquelle nous traitons vos donn\u00e9es, vous avez le droit de :<\/p><p>Demandez-nous l&rsquo;acc\u00e8s \u00e0 vos donn\u00e9es que nous avons.<\/p><p>Demandez-nous de rectifier les donn\u00e9es que nous avons d\u00e9j\u00e0. Gardez \u00e0 l&rsquo;esprit qu&rsquo;en nous fournissant activement vos donn\u00e9es personnelles par quelque moyen que ce soit, vous garantissez qu&rsquo;elles sont vraies et exactes et vous vous engagez \u00e0 nous informer de tout changement ou modification de celles-ci.<\/p><p>Nous demander de supprimer vos donn\u00e9es dans la mesure o\u00f9 elles ne sont plus n\u00e9cessaires \u00e0 la finalit\u00e9 pour laquelle nous avons besoin de les traiter comme nous vous en avons pr\u00e9c\u00e9demment inform\u00e9, ou que nous n&rsquo;avons plus la l\u00e9gitimit\u00e9 pour le faire.<\/p><p>Nous demander de limiter le traitement de vos donn\u00e9es, ce qui signifie que dans certains cas, vous pouvez nous demander de suspendre temporairement le traitement des donn\u00e9es ou de les conserver au-del\u00e0 du temps n\u00e9cessaire lorsque vous pourriez en avoir besoin. Si vous nous avez donn\u00e9 votre consentement pour le traitement de vos donn\u00e9es \u00e0 quelque fin que ce soit, vous avez \u00e9galement le droit de le retirer \u00e0 tout moment.<\/p><p>En revanche, lorsque le traitement de vos donn\u00e9es est fond\u00e9 sur notre int\u00e9r\u00eat l\u00e9gitime, vous aurez \u00e9galement le droit de vous opposer au traitement de vos donn\u00e9es.<\/p><p>Enfin, nous vous informons de votre droit de d\u00e9poser une r\u00e9clamation aupr\u00e8s de l&rsquo;autorit\u00e9 de contr\u00f4le de la protection des donn\u00e9es comp\u00e9tente, en particulier aupr\u00e8s de l&rsquo;Agence espagnole de protection des donn\u00e9es https:\/\/www.agpd.es\/portalwebAGPD\/index-ides-idphp.php<\/p>\t\t\t\t\t\t\t\t<\/div>\n\t\t\t\t<\/div>\n\t\t\t\t<div class=\"elementor-element elementor-element-abaaea8 elementor-widget elementor-widget-heading\" data-id=\"abaaea8\" data-element_type=\"widget\" data-e-type=\"widget\" data-widget_type=\"heading.default\">\n\t\t\t\t<div class=\"elementor-widget-container\">\n\t\t\t\t\t<h2 class=\"elementor-heading-title elementor-size-default\">MODIFICATIONS DE LA POLITIQUE DE CONFIDENTIALIT\u00c9.<\/h2>\t\t\t\t<\/div>\n\t\t\t\t<\/div>\n\t\t\t\t<div class=\"elementor-element elementor-element-01b7fce elementor-widget elementor-widget-text-editor\" data-id=\"01b7fce\" data-element_type=\"widget\" data-e-type=\"widget\" data-widget_type=\"text-editor.default\">\n\t\t\t\t<div class=\"elementor-widget-container\">\n\t\t\t\t\t\t\t\t\t<p>Nous pouvons modifier les informations contenues dans cette politique de confidentialit\u00e9 lorsque nous le jugeons appropri\u00e9. Dans le cas o\u00f9 nous le ferions, nous vous informerons de diff\u00e9rentes mani\u00e8res via la Plateforme, ou nous le communiquerons m\u00eame \u00e0 votre adresse e-mail lorsque le changement en question est significatif pour votre vie priv\u00e9e, afin que vous puissiez examiner les changements, les \u00e9valuer et, le cas \u00e9ch\u00e9ant, s&rsquo;opposer ou se d\u00e9sinscrire de tout service ou fonctionnalit\u00e9.<\/p>\t\t\t\t\t\t\t\t<\/div>\n\t\t\t\t<\/div>\n\t\t\t\t\t<\/div>\n\t\t<\/div>\n\t\t\t\t\t<\/div>\n\t\t<\/section>\n\t\t\t\t\t<\/div>\n\t\t<\/div>\n\t\t\t\t\t<\/div>\n\t\t<\/section>\n\t\t\t\t<\/div>\n\t\t","protected":false},"excerpt":{"rendered":"<p>Politique de confidentialit\u00e9 MOBILIARIO AUXILIARIO DE DISE\u00d1O, S.L informe ci-dessous de sa politique de confidentialit\u00e9 appliqu\u00e9e aux donn\u00e9es personnelles. L&rsquo;utilisation de la page Web n&rsquo;implique pas que l&rsquo;utilisateur doive fournir des informations sur son identit\u00e9, et elle ne peut pas \u00eatre associ\u00e9e \u00e0 un utilisateur sp\u00e9cifique par l&rsquo;entreprise. Dans le cas o\u00f9 des donn\u00e9es personnelles [&hellip;]<\/p>\n","protected":false},"author":2,"featured_media":0,"parent":0,"menu_order":0,"comment_status":"closed","ping_status":"open","template":"","meta":{"_acf_changed":false,"inline_featured_image":false,"footnotes":""},"class_list":["post-3150","page","type-page","status-publish","hentry"],"acf":[],"_links":{"self":[{"href":"https:\/\/www.musola.es\/fr\/wp-json\/wp\/v2\/pages\/3150","targetHints":{"allow":["GET"]}}],"collection":[{"href":"https:\/\/www.musola.es\/fr\/wp-json\/wp\/v2\/pages"}],"about":[{"href":"https:\/\/www.musola.es\/fr\/wp-json\/wp\/v2\/types\/page"}],"author":[{"embeddable":true,"href":"https:\/\/www.musola.es\/fr\/wp-json\/wp\/v2\/users\/2"}],"replies":[{"embeddable":true,"href":"https:\/\/www.musola.es\/fr\/wp-json\/wp\/v2\/comments?post=3150"}],"version-history":[{"count":0,"href":"https:\/\/www.musola.es\/fr\/wp-json\/wp\/v2\/pages\/3150\/revisions"}],"wp:attachment":[{"href":"https:\/\/www.musola.es\/fr\/wp-json\/wp\/v2\/media?parent=3150"}],"curies":[{"name":"wp","href":"https:\/\/api.w.org\/{rel}","templated":true}]}}